{"id":2412,"date":"2012-10-16T12:24:09","date_gmt":"2012-10-16T12:24:09","guid":{"rendered":"http:\/\/avesdesierramorena.sierramorena.com\/?page_id=2412"},"modified":"2013-10-30T13:34:13","modified_gmt":"2013-10-30T13:34:13","slug":"alojamientos","status":"publish","type":"page","link":"http:\/\/avesdesierramorena.sierramorena.com\/?page_id=2412","title":{"rendered":"Alojamientos"},"content":{"rendered":"<p style=\"text-align: justify;\"><a href=\"http:\/\/avesdesierramorena.sierramorena.com\/wp-content\/uploads\/2012\/10\/logo_redmito.jpg\"><img loading=\"lazy\" class=\"alignleft size-full wp-image-2608\" title=\"logo_redmito\" src=\"http:\/\/avesdesierramorena.sierramorena.com\/wp-content\/uploads\/2012\/10\/logo_redmito.jpg\" alt=\"\" width=\"250\" height=\"151\" srcset=\"http:\/\/avesdesierramorena.sierramorena.com\/wp-content\/uploads\/2012\/10\/logo_redmito.jpg 250w, http:\/\/avesdesierramorena.sierramorena.com\/wp-content\/uploads\/2012\/10\/logo_redmito-200x120.jpg 200w\" sizes=\"(max-width: 250px) 100vw, 250px\" \/><\/a>La <strong>Red MITO<\/strong> es una uni\u00f3n de alojamientos rurales y peque\u00f1as empresas de turismo activo asentados en los municipios de Sierra Morena, y que desean orientar parte de su oferta del turismo ornitol\u00f3gico contando con el asesoramiento de ADIT-Sierra Morena. Para ello, estos alojamientos han adoptado una serie de requisitos y recomendaciones, cuyo cumplimiento los hace m\u00e1s atractivos a los ojos de turista de naturaleza.\u00a0La oferta hotelera de Sierra Morena es relativamente grande y diversa, pero son las casas rurales, hoteles, posadas y granjas ecol\u00f3gicas que forman parte de la Red MITO los que hacen m\u00e1s f\u00e1cil el <em>birdwatching<\/em> a sus hu\u00e9spedes, mediante la prestaci\u00f3n de servicios como estos (entre otros):<\/p>\n<p style=\"text-align: justify;\">&nbsp;<\/p>\n<ul class=\"bullet_arrow\">\n<li> Flexibilidad en los horarios de las comidas (especialmente, en el desayuno y la cena)<\/li>\n<li>Posibilidad de sustituir el almuerzo por un picnic adecuado para comer en el campo<\/li>\n<li>Posibilidad de que el cliente pueda dejar, de modo gratuito, las maletas en el alojamiento el \u00faltimo d\u00eda despu\u00e9s del <em>check out<\/em><\/li>\n<li>Asesoramiento b\u00e1sico sobre los recursos del territorio, sus aves y los mejores lugares para avistarlas<\/li>\n<li>Facilitar el contacto del cliente con las empresas de turismo activo de la Red MITO que ofrecen visitas guiadas en la Comarca<\/li>\n<li>Disposici\u00f3n de una peque\u00f1a biblioteca naturalista<\/li>\n<\/ul>\n<p>Para m\u00e1s detalles, se recomienda contactar con los distintos alojamientos (v\u00e9anse sus datos de contacto y p\u00e1gina web en el siguiente listado):<br class=\"clear\" \/><\/p>\n<div class=\"columns-wrapper\">\n<div class=\"two-columns\">\n<h4>Posada de Al\u00e1jar<\/h4>\n<ul class=\"bullet_arrow2 bullet_check bullet_arrow4\">\n<li><span style=\"color: #800000;\"><strong>Tipo<\/strong><strong>:<\/strong><\/span> Alojamiento ecol\u00f3gico<\/li>\n<li><span style=\"color: #800000;\"><strong>Comarca:<\/strong><\/span> Sierra de Aracena y Picos de Aroche<\/li>\n<li><span style=\"color: #800000;\"><strong>Localidad:<\/strong><\/span> Al\u00e1jar (pueblo)<\/li>\n<li><span style=\"color: #800000;\"><strong>Web: <\/strong><\/span><a href=\"http:\/\/www.posadasalajar.com\/\" target=\"_blank\">http:\/\/www.posadasalajar.com<\/a><\/li>\n<li><span style=\"color: #800000;\"><strong>Contacto:<\/strong><\/span> info@posadasalajar.com<\/li>\n<li><strong><span style=\"color: #800000;\">Idiomas: <\/span><\/strong><img src=\"\/imagenes\/idioma_es.jpg\" alt=\"\" \/> <img src=\"\/imagenes\/idioma_en.jpg\" alt=\"\" \/><\/li>\n<\/ul>\n<hr \/>\n<h4>Finca Montefr\u00edo<\/h4>\n<ul class=\"bullet_arrow2 bullet_check bullet_arrow4\">\n<li><span style=\"color: #800000;\"><strong><strong>Tipo<\/strong><\/strong><strong>:<\/strong><\/span> Casas Rurales \/ Granja y dehesa ecol\u00f3gicas<\/li>\n<li><span style=\"color: #800000;\"><strong>Comarca:<\/strong><\/span> Sierra de Aracena y Picos de Aroche<\/li>\n<li><span style=\"color: #800000;\"><strong>Localidad:<\/strong><\/span> El Repilado-Cortegana (campo)<\/li>\n<li><span style=\"color: #800000;\"><strong>Web: <\/strong><\/span><a href=\"http:\/\/www.fincamontefrio.com\" target=\"_blank\">http:\/\/www.fincamontefrio.com<\/a><\/li>\n<li><span style=\"color: #800000;\"><strong>Contacto<\/strong><\/span>: fincamontefrio@hotmail.com<\/li>\n<li><span style=\"color: #800000;\"><strong>Idiomas<\/strong><\/span>:\u00a0<img src=\"\/imagenes\/idioma_es.jpg\" alt=\"\" \/> <img src=\"\/imagenes\/idioma_en.jpg\" alt=\"\" \/><\/li>\n<\/ul>\n<hr \/>\n<h4>Finca La Fronda<\/h4>\n<ul class=\"bullet_arrow2 bullet_check bullet_arrow4\">\n<li><span style=\"color: #800000;\"><strong><strong>Tipo<\/strong><\/strong><strong>:<\/strong><\/span> Casas Rural \/ Finca privada con senderos<\/li>\n<li><span style=\"color: #800000;\"><strong>Comarca:<\/strong><\/span> Sierra de Aracena y Picos de Aroche<\/li>\n<li><span style=\"color: #800000;\"><strong>Localidad:<\/strong><\/span> Al\u00e1jar (campo)<\/li>\n<li><span style=\"color: #800000;\"><strong>Web: <\/strong><\/span><a href=\"http:\/\/www.fincalafronda.com\" target=\"_blank\">http:\/\/www.fincalafronda.com<\/a><\/li>\n<li><span style=\"color: #800000;\"><strong>Contacto<\/strong><\/span>: info@fincalafronda.com<\/li>\n<li><span style=\"color: #800000;\"><strong>Idiomas<\/strong><\/span>:\u00a0<img src=\"\/imagenes\/idioma_es.jpg\" alt=\"\" \/> <img src=\"\/imagenes\/idioma_en.jpg\" alt=\"\" \/><\/li>\n<\/ul>\n<hr \/>\n<h4>La Ca\u00f1\u00e1 del Corchuelo<\/h4>\n<ul class=\"bullet_arrow2 bullet_check bullet_arrow4\">\n<li><span style=\"color: #800000;\"><strong><strong>Tipo<\/strong><\/strong><strong>:<\/strong><\/span> Alojamiento \/ Granja Escuela \/ Educaci\u00f3n Ambiental<\/li>\n<li><span style=\"color: #800000;\"><strong>Comarca:<\/strong><\/span> Sierra de Aracena y Picos de Aroche<\/li>\n<li><span style=\"color: #800000;\"><strong>Localidad:<\/strong><\/span> Cala (campo)<\/li>\n<li><span style=\"color: #800000;\"><strong>Web: <\/strong><\/span><a href=\"http:\/\/www.lacanadelcorchuelo.es\/\" target=\"_blank\">http:\/\/www.lacanadelcorchuelo.es<\/a><\/li>\n<li><span style=\"color: #800000;\"><strong>Contacto<\/strong><\/span><span style=\"background-color: transparent; line-height: 18px; font-size: 13px;\">: animacioncala@yahoo.es<\/span><\/li>\n<li><span style=\"color: #800000;\"><strong>Idiomas<\/strong><\/span>:\u00a0<img src=\"\/imagenes\/idioma_es.jpg\" alt=\"\" \/><\/li>\n<\/ul>\n<hr \/>\n<h4>El Precio Justo<\/h4>\n<ul class=\"bullet_arrow2 bullet_check bullet_arrow4\">\n<li><span style=\"color: #800000;\"><strong><strong>Tipo<\/strong><\/strong><strong>:<\/strong><\/span> Casa Rural<\/li>\n<li><span style=\"color: #800000;\"><strong>Comarca:<\/strong><\/span> Sierra de Aracena y Picos de Aroche<\/li>\n<li><span style=\"color: #800000;\"><strong>Localidad:<\/strong><\/span> Cortelazor (campo)<\/li>\n<li><span style=\"color: #800000;\"><strong>Web: <\/strong><\/span><a href=\"http:\/\/www.casaruralelpreciojusto.net\" target=\"_blank\">http:\/\/www.casaruralelpreciojusto.net<\/a><\/li>\n<li><span style=\"color: #800000;\"><strong>Contacto<\/strong><\/span>: casaruralelpreciojusto@gmail.com<\/li>\n<li><span style=\"color: #800000;\"><strong>Idiomas<\/strong><\/span>:\u00a0<img src=\"\/imagenes\/idioma_es.jpg\" alt=\"\" \/><\/li>\n<\/ul>\n<hr \/>\n<h4>R\u00edo y Jara<\/h4>\n<ul class=\"bullet_arrow2 bullet_check bullet_arrow4\">\n<li><span style=\"color: #800000;\"><strong><strong>Tipo<\/strong><\/strong><strong>:<\/strong><\/span> Casa Rural<\/li>\n<li><span style=\"color: #800000;\"><strong>Comarca:<\/strong><\/span> Sierra de Aracena y Picos de Aroche<\/li>\n<li><span style=\"color: #800000;\"><strong>Localidad:<\/strong><\/span> La Nava (pueblo)<\/li>\n<li><span style=\"color: #800000;\"><strong>Web: <\/strong><\/span><a href=\"http:\/\/www.riojara.com\" target=\"_blank\">http:\/\/www.riojara.com<\/a><\/li>\n<li><span style=\"color: #800000;\"><strong>Contacto<\/strong><\/span>: info@riojara.com<\/li>\n<li><span style=\"color: #800000;\"><strong>Idiomas<\/strong><\/span>:\u00a0<img src=\"\/imagenes\/idioma_es.jpg\" alt=\"\" \/><\/li>\n<\/ul>\n<hr \/>\n<h4>Refugio Bonales<\/h4>\n<ul class=\"bullet_arrow2 bullet_check bullet_arrow4\">\n<li><span style=\"color: #800000;\"><strong><strong>Tipo<\/strong><\/strong><strong>:<\/strong><\/span> Refugio de Monta\u00f1a \/ Aula de naturaleza<\/li>\n<li><span style=\"color: #800000;\"><strong>Comarca:<\/strong><\/span> Sierra de Aracena y Picos de Aroche<\/li>\n<li><span style=\"color: #800000;\"><strong>Localidad:<\/strong><\/span> Arroyomolinos de Le\u00f3n (campo)<\/li>\n<li><span style=\"color: #800000;\"><strong>Web: <\/strong><\/span><a href=\"http:\/\/www.sierramountainrefuge.com\" target=\"_blank\">http:\/\/www.sierramountainrefuge.com<\/a><\/li>\n<li><span style=\"color: #800000;\"><strong>Contacto<\/strong><\/span>: javier@sierramountainrefuge.com<\/li>\n<li><span style=\"color: #800000;\"><strong>Idiomas<\/strong><\/span>:\u00a0<img src=\"\/imagenes\/idioma_es.jpg\" alt=\"\" \/> <img src=\"\/imagenes\/idioma_en.jpg\" alt=\"\" \/> <img src=\"\/imagenes\/idioma_fr.jpg\" alt=\"\" \/><\/li>\n<\/ul>\n<hr \/>\n<h4>La Serrana de Aracena<\/h4>\n<ul class=\"bullet_arrow2 bullet_check bullet_arrow4\">\n<li><span style=\"color: #800000;\"><strong><strong>Tipo<\/strong><\/strong><strong>:<\/strong><\/span> Casa Rural<\/li>\n<li><span style=\"color: #800000;\"><strong>Comarca:<\/strong><\/span> Sierra de Aracena y Picos de Aroche<\/li>\n<li><span style=\"color: #800000;\"><strong>Localidad:<\/strong><\/span> Aracena (afueras del pueblo)<\/li>\n<li><span style=\"color: #800000;\"><strong>Web: <\/strong><\/span><a href=\"http:\/\/www.laserranadearacena.es\" target=\"_blank\">http:\/\/www.laserranadearacena.es<\/a><\/li>\n<li><span style=\"color: #800000;\"><strong>Contacto<\/strong><\/span>: info@laserranadearacena.es<\/li>\n<li><span style=\"color: #800000;\"><strong>Idiomas<\/strong><\/span>:\u00a0<img src=\"\/imagenes\/idioma_es.jpg\" alt=\"\" \/> <img src=\"\/imagenes\/idioma_en.jpg\" alt=\"\" \/><\/li>\n<\/ul>\n<hr \/>\n<h4><strong><span style=\"font-size: 1em;\">La Florida del Valle<\/span><\/strong><\/h4>\n<ul class=\"bullet_arrow2 bullet_check bullet_arrow4\">\n<li><span style=\"color: #800000;\"><strong><strong>Tipo<\/strong><\/strong><strong>:<\/strong><\/span> Casa Rural<\/li>\n<li><span style=\"color: #800000;\"><strong>Comarca:<\/strong><\/span> Sierra Morena Sevillana<\/li>\n<li><span style=\"color: #800000;\"><strong>Localidad:<\/strong><\/span> Guadalcanal (campo)<\/li>\n<li><span style=\"color: #800000;\"><strong>Web: <\/strong><\/span><a href=\"http:\/\/www.lafloridadelvalle.com\" target=\"_blank\">http:\/\/www.lafloridadelvalle.com<\/a><\/li>\n<li><span style=\"color: #800000;\"><strong>Contacto:<\/strong><\/span> casarurallafloridadelvalle@gmail.com<\/li>\n<li><strong><span style=\"color: #800000;\">Idiomas: <\/span><\/strong><img src=\"\/imagenes\/idioma_es.jpg\" alt=\"\" \/><\/li>\n<\/ul>\n<hr \/>\n<h4>La Posada del Infante<\/h4>\n<ul class=\"bullet_arrow2 bullet_check bullet_arrow4\">\n<li><span style=\"color: #800000;\"><strong><strong>Tipo<\/strong><\/strong><strong>:<\/strong><\/span> Hotel-Restaurante<\/li>\n<li><span style=\"color: #800000;\"><strong>Comarca:<\/strong><\/span> Sierra Morena Sevillana<\/li>\n<li><span style=\"color: #800000;\"><strong>Localidad:<\/strong><\/span> La Puebla de Los Infantes (pueblo)<\/li>\n<li><span style=\"color: #800000;\"><strong>Web: <\/strong><\/span><a href=\"http:\/\/www.laposadadelinfante.com\/\" target=\"_blank\">http:\/\/www.laposadadelinfante.com<\/a><\/li>\n<li><span style=\"color: #800000;\"><strong>Contacto:<\/strong><\/span> laposadadelinfante@laposadadelinfante.com<\/li>\n<li><strong><span style=\"color: #800000;\">Idiomas: <\/span><\/strong><img src=\"\/imagenes\/idioma_es.jpg\" alt=\"\" \/><\/li>\n<\/ul>\n<hr \/>\n<h4>Las Navezuelas<\/h4>\n<ul class=\"bullet_arrow2 bullet_check bullet_arrow4\">\n<li><span style=\"color: #800000;\"><strong><strong>Tipo<\/strong><\/strong><strong>:<\/strong><\/span> Casas Rurales<\/li>\n<li><span style=\"color: #800000;\"><strong>Comarca:<\/strong><\/span> Sierra Morena Sevillana<\/li>\n<li><span style=\"color: #800000;\"><strong>Localidad:<\/strong><\/span> Cazalla de la Sierra (campo)<\/li>\n<li><span style=\"color: #800000;\"><strong>Web: <\/strong><\/span><a href=\"http:\/\/www.lasnavezuelas.com\/\" target=\"_blank\">http:\/\/www.lasnavezuelas.com<\/a><\/li>\n<li><span style=\"color: #800000;\"><strong>Contacto:<\/strong><\/span> navezuela@arrakis.es<\/li>\n<li><strong><span style=\"color: #800000;\">Idiomas: <\/span><\/strong><img src=\"\/imagenes\/idioma_es.jpg\" alt=\"\" \/> <img src=\"\/imagenes\/idioma_it.jpg\" alt=\"\" \/> <img src=\"\/imagenes\/idioma_en.jpg\" alt=\"\" \/><\/li>\n<\/ul>\n<hr \/>\n<h4>Riscos Altos<\/h4>\n<ul class=\"bullet_arrow2 bullet_check bullet_arrow4\">\n<li><span style=\"color: #800000;\"><strong><strong>Tipo<\/strong><\/strong><strong>:<\/strong><\/span> Casa Rural en finca ecol\u00f3gica<\/li>\n<li><span style=\"color: #800000;\"><strong>Comarca:<\/strong><\/span> Sierra Morena Sevillana<\/li>\n<li><span style=\"color: #800000;\"><strong>Localidad:<\/strong><\/span> Cazalla de la Sierra (campo)<\/li>\n<li><span style=\"color: #800000;\"><strong>Web: <\/strong><\/span><a href=\"http:\/\/www.riscosaltos.com\/\" target=\"_blank\">http:\/\/www.riscosaltos.com<\/a><\/li>\n<li><span style=\"color: #800000;\"><strong>Contacto:<\/strong><\/span> info@riscosaltos.com<\/li>\n<li><strong><span style=\"color: #800000;\">Idiomas: <\/span><\/strong><img src=\"\/imagenes\/idioma_es.jpg\" alt=\"\" \/> <img src=\"\/imagenes\/idioma_en.jpg\" alt=\"\" \/><\/li>\n<\/ul>\n<\/div>\n<div class=\"two-columns nomargin\">\n<h4>Puente Nuevo<\/h4>\n<ul class=\"bullet_arrow2 bullet_check bullet_arrow4\">\n<li><span style=\"color: #800000;\"><strong><strong>Tipo<\/strong><\/strong><strong>:<\/strong><\/span> Camping y Casas Rurales<\/li>\n<li><span style=\"color: #800000;\"><strong>Comarca:<\/strong><\/span> Sierra Morena Cordobesa<\/li>\n<li><span style=\"color: #800000;\"><strong>Localidad:<\/strong><\/span> Villaviciosa de C\u00f3rdoba (campo)<\/li>\n<li><span style=\"color: #800000;\"><strong>Web: <\/strong><\/span><a href=\"http:\/\/www.campingpuentenuevo.com\/\" target=\"_blank\">http:\/\/www.campingpuentenuevo.com<\/a><\/li>\n<li><span style=\"color: #800000;\"><strong>Contacto:<\/strong><\/span> info@campingpuentenuevo.com<\/li>\n<li><strong><span style=\"color: #800000;\">Idiomas: <\/span><\/strong><img src=\"\/imagenes\/idioma_es.jpg\" alt=\"\" \/> <img src=\"\/imagenes\/idioma_en.jpg\" alt=\"\" \/><\/li>\n<\/ul>\n<hr \/>\n<h4>Mirador de Montoro<\/h4>\n<ul class=\"bullet_arrow2 bullet_check bullet_arrow4\">\n<li><span style=\"color: #800000;\"><strong><strong>Tipo<\/strong><\/strong><strong>:<\/strong><\/span> Hotel-Restaurante<\/li>\n<li><span style=\"color: #800000;\"><strong>Comarca:<\/strong><\/span> Sierra Morena Cordobesa<\/li>\n<li><span style=\"color: #800000;\"><strong>Localidad:<\/strong><\/span> Montoro (pueblo)<\/li>\n<li><span style=\"color: #800000;\"><strong>Web: <\/strong><\/span><a href=\"http:\/\/www.hotelmiradordemontoro.es\" target=\"_blank\">http:\/\/www.hotelmiradordemontoro.es<\/a><\/li>\n<li><span style=\"color: #800000;\"><strong>Contacto:<\/strong><\/span> info@hotelmiradordemontoro.es<\/li>\n<li><strong><span style=\"color: #800000;\">Idiomas: <\/span><\/strong><img src=\"\/imagenes\/idioma_es.jpg\" alt=\"\" \/> <img src=\"\/imagenes\/idioma_en.jpg\" alt=\"\" \/> <img src=\"\/imagenes\/idioma_ge.jpg\" alt=\"\" \/> <img src=\"\/imagenes\/idioma_fr.jpg\" alt=\"\" \/><\/li>\n<\/ul>\n<hr \/>\n<h4>Huerta de las Mayas<\/h4>\n<ul class=\"bullet_arrow2 bullet_check bullet_arrow4\">\n<li><span style=\"color: #800000;\"><strong><strong>Tipo<\/strong><\/strong><strong>:<\/strong><\/span> Casa Rural<\/li>\n<li><span style=\"color: #800000;\"><strong>Comarca:<\/strong><\/span> Sierra Morena Cordobesa<\/li>\n<li><span style=\"color: #800000;\"><strong>Localidad:<\/strong><\/span> Hornachuelos (campo)<\/li>\n<li><span style=\"color: #800000;\"><strong>Web: <\/strong><\/span><a href=\"http:\/\/www.casaruralhornachuelos.com\/\" target=\"_blank\">http:\/\/www.casaruralhornachuelos.com<\/a><\/li>\n<li><span style=\"color: #800000;\"><strong>Contacto:<\/strong><\/span> aedlmarisol@hotmail.com<\/li>\n<li><strong><span style=\"color: #800000;\">Idiomas: <\/span><\/strong><img src=\"\/imagenes\/idioma_es.jpg\" alt=\"\" \/><\/li>\n<\/ul>\n<hr \/>\n<h4>Molino La Nava<\/h4>\n<ul class=\"bullet_arrow2 bullet_check bullet_arrow4\">\n<li><span style=\"color: #800000;\"><strong><strong>Tipo<\/strong><\/strong><strong>:<\/strong><\/span> Alojamiento de Categoria Superior \/ Restaurante<\/li>\n<li><span style=\"color: #800000;\"><strong>Comarca:<\/strong><\/span> Sierra Morena Cordobesa<\/li>\n<li><span style=\"color: #800000;\"><strong>Localidad:<\/strong><\/span> Montoro (campo)<\/li>\n<li><span style=\"color: #800000;\"><strong>Web: <\/strong><\/span><a href=\"http:\/\/www.molinonava.com\/\" target=\"_blank\">http:\/\/www.molinonava.com<\/a><\/li>\n<li><span style=\"color: #800000;\"><strong>Contacto:<\/strong><\/span> alojamiento@molinonava.com<\/li>\n<li><strong><span style=\"color: #800000;\">Idiomas: <\/span><\/strong><img src=\"\/imagenes\/idioma_es.jpg\" alt=\"\" \/> <img src=\"\/imagenes\/idioma_en.jpg\" alt=\"\" \/><\/li>\n<\/ul>\n<hr \/>\n<h4>La Cimbarra<\/h4>\n<ul class=\"bullet_arrow2 bullet_check bullet_arrow4\">\n<li><span style=\"color: #800000;\"><strong><strong>Tipo<\/strong><\/strong><strong>:<\/strong><\/span> Casa Rural<\/li>\n<li><span style=\"color: #800000;\"><strong>Comarca:<\/strong><\/span> Sierra Morena de Ja\u00e9n<\/li>\n<li><span style=\"color: #800000;\"><strong>Localidad:<\/strong><\/span> Aldeaquemada (campo)<\/li>\n<li><span style=\"color: #800000;\"><strong>Web: <\/strong><\/span><a href=\"http:\/\/www.lacimbarra.com\/\" target=\"_blank\">http:\/\/www.lacimbarra.com<\/a><\/li>\n<li><span style=\"color: #800000;\"><strong>Contacto:<\/strong><\/span> alcaide64@hotmail.com<\/li>\n<li><strong><span style=\"color: #800000;\">Idiomas: <\/span><\/strong><img src=\"\/imagenes\/idioma_es.jpg\" alt=\"\" \/><\/li>\n<\/ul>\n<hr \/>\n<h4>Palacio Los Guzmanes<\/h4>\n<ul class=\"bullet_arrow2 bullet_check bullet_arrow4\">\n<li><span style=\"color: #800000;\"><strong><strong>Tipo<\/strong><\/strong><strong>:<\/strong><\/span> Hospeder\u00eda Rural<\/li>\n<li><span style=\"color: #800000;\"><strong>Comarca:<\/strong><\/span> Sierra Morena de Ja\u00e9n<\/li>\n<li><span style=\"color: #800000;\"><strong>Localidad:<\/strong><\/span> Ba\u00f1os de La Encina (pueblo)<\/li>\n<li><span style=\"color: #800000;\"><strong>Web: <\/strong><\/span><a href=\"http:\/\/www.palacioguzmanes.com\/\" target=\"_blank\">http:\/\/www.palacioguzmanes.com<\/a><\/li>\n<li><span style=\"color: #800000;\"><strong>Contacto:<\/strong><\/span> guzmanes@palacioguzmanes.com<\/li>\n<li><strong><span style=\"color: #800000;\">Idiomas: <\/span><\/strong><img src=\"\/imagenes\/idioma_es.jpg\" alt=\"\" \/> <img src=\"\/imagenes\/idioma_en.jpg\" alt=\"\" \/> <img src=\"\/imagenes\/idioma_fr.jpg\" alt=\"\" \/><\/li>\n<\/ul>\n<hr \/>\n<h4>Sierra Luna<\/h4>\n<ul class=\"bullet_arrow2 bullet_check bullet_arrow4\">\n<li><span style=\"color: #800000;\"><strong><strong>Tipo<\/strong><\/strong><strong>:<\/strong><\/span> Caba\u00f1as Rurales<\/li>\n<li><span style=\"color: #800000;\"><strong>Comarca:<\/strong><\/span> Sierra Morena de Ja\u00e9n<\/li>\n<li><span style=\"color: #800000;\"><strong>Localidad:<\/strong><\/span> And\u00fajar (campo)<\/li>\n<li><span style=\"color: #800000;\"><strong>Web: <\/strong><\/span><a href=\"http:\/\/www.sierraluna.com\/\" target=\"_blank\">http:\/\/www.sierraluna.com<\/a><\/li>\n<li><span style=\"color: #800000;\"><strong>Contacto:<\/strong><\/span> teresa@sierraluna.com<\/li>\n<li><strong><span style=\"color: #800000;\">Idiomas: <\/span><\/strong><img src=\"\/imagenes\/idioma_es.jpg\" alt=\"\" \/> <img src=\"\/imagenes\/idioma_en.jpg\" alt=\"\" \/> <img src=\"\/imagenes\/idioma_fr.jpg\" alt=\"\" \/><\/li>\n<\/ul>\n<hr \/>\n<h4>Villa Matilde<\/h4>\n<ul class=\"bullet_arrow2 bullet_check bullet_arrow4\">\n<li><span style=\"color: #800000;\"><strong><strong>Tipo<\/strong><\/strong><strong>:<\/strong><\/span> Casa Rural \/ Aula de Naturaleza \/ Rutas guiadas<\/li>\n<li><span style=\"color: #800000;\"><strong>Comarca:<\/strong><\/span> Sierra Morena de Ja\u00e9n<\/li>\n<li><span style=\"color: #800000;\"><strong>Localidad:<\/strong><\/span> And\u00fajar (campo)<\/li>\n<li><span style=\"color: #800000;\"><strong>Web: <\/strong><\/span><a href=\"http:\/\/www.villamatilde.org\/\" target=\"_blank\">http:\/\/www.villamatilde.org<\/a><\/li>\n<li><span style=\"color: #800000;\"><strong>Contacto:<\/strong><\/span> villamatilde@villamatilde.org<\/li>\n<li><strong><span style=\"color: #800000;\">Idiomas: <\/span><\/strong><img src=\"\/imagenes\/idioma_es.jpg\" alt=\"\" \/> <img src=\"\/imagenes\/idioma_en.jpg\" alt=\"\" \/> <img src=\"\/imagenes\/idioma_ge.jpg\" alt=\"\" \/> <img src=\"\/imagenes\/idioma_fr.jpg\" alt=\"\" \/> <img src=\"\/imagenes\/idioma_hol.jpg\" alt=\"\" \/><\/li>\n<\/ul>\n<hr \/>\n<h4>La Caracola<\/h4>\n<ul class=\"bullet_arrow2 bullet_check bullet_arrow4\">\n<li><span style=\"color: #800000;\"><strong><strong>Tipo<\/strong><\/strong><strong>:<\/strong><\/span> Hotel Rural \/ Restaurante \/ Hides de fotograf\u00eda<\/li>\n<li><span style=\"color: #800000;\"><strong>Comarca:<\/strong><\/span> Sierra Morena de Ja\u00e9n<\/li>\n<li><span style=\"color: #800000;\"><strong>Localidad:<\/strong><\/span> And\u00fajar (campo)<\/li>\n<li><span style=\"color: #800000;\"><strong>Web: <\/strong><\/span><a href=\"http:\/\/www.lacaracolahotelrural.com\/\" target=\"_blank\">http:\/\/www.lacaracolahotelrural.com<\/a><\/li>\n<li><span style=\"color: #800000;\"><strong>Contacto:<\/strong><\/span> lacaracolahotelrural@gmail.com<\/li>\n<li><strong><span style=\"color: #800000;\">Idiomas: <\/span><\/strong><img src=\"\/imagenes\/idioma_es.jpg\" alt=\"\" \/> <img src=\"\/imagenes\/idioma_en.jpg\" alt=\"\" \/> <img src=\"\/imagenes\/idioma_fr.jpg\" alt=\"\" \/><\/li>\n<\/ul>\n<\/div>\n<\/div>\n<p><br class=\"clear\" \/><\/p>\n","protected":false},"excerpt":{"rendered":"<p>La Red MITO es una uni\u00f3n de alojamientos rurales y peque\u00f1as empresas de turismo activo asentados en los municipios de Sierra Morena, y que desean orientar parte de su oferta del turismo ornitol\u00f3gico contando con el asesoramiento de ADIT-Sierra Morena. Para ello, estos alojamientos han adoptado una serie de requisitos y recomendaciones, cuyo cumplimiento los [&hellip;]<\/p>\n","protected":false},"author":4,"featured_media":0,"parent":2550,"menu_order":0,"comment_status":"open","ping_status":"open","template":"","meta":{"ngg_post_thumbnail":0},"_links":{"self":[{"href":"http:\/\/avesdesierramorena.sierramorena.com\/index.php?rest_route=\/wp\/v2\/pages\/2412"}],"collection":[{"href":"http:\/\/avesdesierramorena.sierramorena.com\/index.php?rest_route=\/wp\/v2\/pages"}],"about":[{"href":"http:\/\/avesdesierramorena.sierramorena.com\/index.php?rest_route=\/wp\/v2\/types\/page"}],"author":[{"embeddable":true,"href":"http:\/\/avesdesierramorena.sierramorena.com\/index.php?rest_route=\/wp\/v2\/users\/4"}],"replies":[{"embeddable":true,"href":"http:\/\/avesdesierramorena.sierramorena.com\/index.php?rest_route=%2Fwp%2Fv2%2Fcomments&post=2412"}],"version-history":[{"count":73,"href":"http:\/\/avesdesierramorena.sierramorena.com\/index.php?rest_route=\/wp\/v2\/pages\/2412\/revisions"}],"predecessor-version":[{"id":3696,"href":"http:\/\/avesdesierramorena.sierramorena.com\/index.php?rest_route=\/wp\/v2\/pages\/2412\/revisions\/3696"}],"up":[{"embeddable":true,"href":"http:\/\/avesdesierramorena.sierramorena.com\/index.php?rest_route=\/wp\/v2\/pages\/2550"}],"wp:attachment":[{"href":"http:\/\/avesdesierramorena.sierramorena.com\/index.php?rest_route=%2Fwp%2Fv2%2Fmedia&parent=2412"}],"curies":[{"name":"wp","href":"https:\/\/api.w.org\/{rel}","templated":true}]}}