{"id":2566,"date":"2012-10-17T18:00:38","date_gmt":"2012-10-17T18:00:38","guid":{"rendered":"http:\/\/avesdesierramorena.sierramorena.com\/?page_id=2566"},"modified":"2013-10-25T06:10:06","modified_gmt":"2013-10-25T06:10:06","slug":"turismo-activo","status":"publish","type":"page","link":"http:\/\/avesdesierramorena.sierramorena.com\/?page_id=2566","title":{"rendered":"Birdwatching"},"content":{"rendered":"<p style=\"text-align: justify;\"><a href=\"http:\/\/avesdesierramorena.sierramorena.com\/wp-content\/uploads\/2012\/10\/logo_redmito.jpg\"><img loading=\"lazy\" class=\"alignleft size-full wp-image-2608\" title=\"logo_redmito\" src=\"http:\/\/avesdesierramorena.sierramorena.com\/wp-content\/uploads\/2012\/10\/logo_redmito.jpg\" alt=\"\" width=\"250\" height=\"151\" srcset=\"http:\/\/avesdesierramorena.sierramorena.com\/wp-content\/uploads\/2012\/10\/logo_redmito.jpg 250w, http:\/\/avesdesierramorena.sierramorena.com\/wp-content\/uploads\/2012\/10\/logo_redmito-200x120.jpg 200w\" sizes=\"(max-width: 250px) 100vw, 250px\" \/><\/a>La <strong>Red MITO<\/strong> es una uni\u00f3n de alojamientos rurales y peque\u00f1as empresas de turismo activo radicados en los municipios de Sierra Morena, y que desean orientar parte de su oferta del turismo ornitol\u00f3gico contando con el asesoramiento de ADIT-Sierra Morena. Para ello, las empresas de turismo activo que forman parte de la misma han aprobado un C\u00f3digo de Buenas Pr\u00e1cticas para Visitas Guiadas (basado, en parte, en las premisas de los c\u00f3digos \u00e9ticos de Guidex y de Aefona), que confiere a sus servicios un valor a\u00f1adido.<\/p>\n<p style=\"text-align: justify;\">Todas estas compa\u00f1\u00edas cuentan con todos los permisos ambientales requeridos en sus \u00e1reas de actuaci\u00f3n. Y todas ofrecen rutas ornitol\u00f3gicas guiadas, si bien de diferente nivel y dirigidas a distinto perfil de p\u00fablico; adem\u00e1s, algunas de ellas ofertan paquetes con rutas fuera del territorio de Sierra Morena (Do\u00f1ana, Marismas del Odiel, Ciudad Real, Valle de Los Pedroches, Sierra de Cazorla, campi\u00f1as de Ja\u00e9n, Almer\u00eda, etc.) y\/o tienen servicio de recogida en aeropuertos internacionales, adem\u00e1s de otros servicios. Por ello, consideramos de gran utilidad visitar sus p\u00e1ginas web para conocer sus actividades.<\/p>\n<ul class=\"bullet_arrow2\">\n<li><a href=\"\/wp-content\/uploads\/cod_bue_pract_redmito.pdf\" target=\"_blank\"> C\u00f3digo de buenas pr\u00e1cticas para visitas guiadas de la Red MITO<\/a><\/li>\n<\/ul>\n<p style=\"text-align: justify;\">A continuaci\u00f3n se exponen cu\u00e1les son las empresas de turismo activo integrantes de la Red MITO en la actualidad. Para cada una de ellas, los servicios rese\u00f1ados son los principales, si bien brindan otros m\u00e1s (puede dirigirse a ellas mediante el mail de contacto):<\/p>\n<p>&nbsp;<\/p>\n<div class=\"columns-wrapper\">\n<div class=\"two-columns\">\n<h4>Trepamundo<\/h4>\n<ul class=\"bullet_arrow4\">\n<li><span style=\"color: #800000;\"><strong>Servicios<\/strong><strong>: <\/strong><\/span>Senderismo \u00b7 Escalada \u00b7 Nordic Walking \u00b7 Deportes de aventura \u00b7 Rutas micol\u00f3gicas\u00a0\u00b7 Monta\u00f1ismo<\/li>\n<li><span style=\"color: #800000;\"><strong>Comarca:<\/strong><\/span> Sierra de Aracena y Picos de Aroche<\/li>\n<li><span style=\"color: #800000;\"><strong>Localidad:<\/strong><\/span> Aracena<\/li>\n<li><span style=\"color: #800000;\"><strong>Web: <\/strong><\/span><a href=\"http:\/\/www.trepamundo.com\/\" target=\"_blank\">http:\/\/www.trepamundo.com<\/a><\/li>\n<li><span style=\"color: #800000;\"><strong>Contacto:<\/strong><\/span> info@trepamundo.es<\/li>\n<li><strong><span style=\"color: #800000;\">Idiomas: <\/span><\/strong><img src=\"\/imagenes\/idioma_es.jpg\" alt=\"\" \/> <img src=\"\/imagenes\/idioma_en.jpg\" alt=\"\" \/><\/li>\n<\/ul>\n<hr \/>\n<h4>Lynxaia<\/h4>\n<ul class=\"bullet_arrow4\">\n<li><span style=\"color: #800000;\"><strong>Servicios<\/strong><strong>: <\/strong><\/span>Rutas de naturaleza \u00b7 Rutas de flora y fauna \u00b7 Educaci\u00f3n Ambiental \u00b7 Micolog\u00eda \u00b7 Rutas culturales \u00b7 Patrimonio hist\u00f3rico<\/li>\n<li><span style=\"color: #800000;\"><strong>Comarca:<\/strong><\/span> Sierra de Aracena y Picos de Aroche, Sierra Morena Cordobesa<\/li>\n<li><span style=\"color: #800000;\"><strong>Localidad:<\/strong><\/span> Al\u00e1jar y Montoro<\/li>\n<li><span style=\"color: #800000;\"><strong>Web: <\/strong><\/span><a href=\"http:\/\/www.lynxaia.com\/\" target=\"_blank\">http:\/\/www.lynxaia.com<\/a><\/li>\n<li><span style=\"color: #800000;\"><strong>Contacto:<\/strong><\/span> lynxaia@gmail.com<\/li>\n<li><strong><span style=\"color: #800000;\">Idiomas: <\/span><\/strong><img src=\"\/imagenes\/idioma_es.jpg\" alt=\"\" \/> <img src=\"\/imagenes\/idioma_en.jpg\" alt=\"\" \/> <img src=\"\/imagenes\/idioma_pt.jpg\" alt=\"\" \/> <img src=\"\/imagenes\/idioma_it.jpg\" alt=\"\" \/><\/li>\n<\/ul>\n<hr \/>\n<h4>Nugesport<\/h4>\n<ul class=\"bullet_arrow2 bullet_check bullet_arrow4\">\n<li><span style=\"color: #800000;\"><strong><strong>Servicios<\/strong><\/strong><strong>:<\/strong><\/span> Senderismo \u00b7 Orientaci\u00f3n \u00b7 Bicicleta BTT \u00b7 Actividades deportivas en la naturaleza<\/li>\n<li><span style=\"color: #800000;\"><strong>Comarca:<\/strong><\/span> Sierra Morena Sevillana<\/li>\n<li><span style=\"color: #800000;\"><strong>Localidad:<\/strong><\/span> Las Navas de la Concepci\u00f3n<\/li>\n<li><span style=\"color: #800000;\"><strong>Web: <\/strong><\/span><a href=\"http:\/\/www.nugesport.com\/\" target=\"_blank\">http:\/\/www.nugesport.com<\/a><\/li>\n<li><span style=\"color: #800000;\"><strong>Contacto:<\/strong><\/span> sergiolopez@nugesport.com<\/li>\n<li><strong><span style=\"color: #800000;\">Idiomas: <\/span><\/strong><img src=\"\/imagenes\/idioma_es.jpg\" alt=\"\" \/><\/li>\n<\/ul>\n<hr \/>\n<h4>Sierra Morena ecuestre<\/h4>\n<ul class=\"bullet_arrow2 bullet_check bullet_arrow4\">\n<li><span style=\"color: #800000;\"><strong><strong>Servicios<\/strong><\/strong><strong>:<\/strong><\/span> Rutas a caballo<\/li>\n<li><span style=\"color: #800000;\"><strong>Comarca:<\/strong><\/span> Sierra Morena Cordobesa<\/li>\n<li><span style=\"color: #800000;\"><strong>Localidad:<\/strong><\/span> Montoro<\/li>\n<li><span style=\"color: #800000;\"><strong>Web: <\/strong><\/span><a href=\"http:\/\/www.cabal-natur.com\/\" target=\"_blank\">http:\/\/www.cabal-natur.com<\/a><\/li>\n<li><span style=\"color: #800000;\"><strong>Contacto: <\/strong><\/span>info@cabal-natur.com<\/li>\n<li><strong><span style=\"color: #800000;\">Idiomas: <\/span><\/strong><img src=\"\/imagenes\/idioma_es.jpg\" alt=\"\" \/> <img src=\"\/imagenes\/idioma_fr.jpg\" alt=\"\" \/><\/li>\n<\/ul>\n<hr \/>\n<h4>IberianLynxLand<\/h4>\n<ul class=\"bullet_arrow2 bullet_check bullet_arrow4\">\n<li><span style=\"color: #800000;\"><strong><strong>Servicios<\/strong><\/strong><strong>:<\/strong><\/span> Fotograf\u00eda de naturaleza (berrea, lince ib\u00e9rico, hides, macro, paisajes) \u00b7 Talleres fotogr\u00e1ficos \u00b7 Rutas guiadas<\/li>\n<li><span style=\"color: #800000;\"><strong>Comarca:<\/strong><\/span> Sierra Morena de Ja\u00e9n<\/li>\n<li><span style=\"color: #800000;\"><strong>Localidad:<\/strong><\/span> And\u00fajar<\/li>\n<li><span style=\"color: #800000;\"><strong>Web: <\/strong><\/span><a href=\"http:\/\/www.iberianlynxland.com\/\" target=\"_blank\">http:\/\/www.iberianlynxland.com<\/a><\/li>\n<li><span style=\"color: #800000;\"><strong>Contacto:<\/strong><\/span> info@iberianlynxland.com<\/li>\n<li><strong><span style=\"color: #800000;\">Idiomas: <\/span><\/strong><img src=\"\/imagenes\/idioma_es.jpg\" alt=\"\" \/> <img src=\"\/imagenes\/idioma_en.jpg\" alt=\"\" \/><\/li>\n<\/ul>\n<hr \/>\n<h4>Villa Matilde<\/h4>\n<ul class=\"bullet_arrow2 bullet_check bullet_arrow4\">\n<li><span style=\"color: #800000;\"><strong><strong>Servicios<\/strong><\/strong><strong>:<\/strong><\/span> Rutas de senderismo \u00b7 Excursionismo<\/li>\n<li><span style=\"color: #800000;\"><strong>Comarca:<\/strong><\/span> Sierra Morena de Ja\u00e9n<\/li>\n<li><span style=\"color: #800000;\"><strong>Localidad:<\/strong><\/span> And\u00fajar (campo)<\/li>\n<li><span style=\"color: #800000;\"><strong>Web: <\/strong><\/span><a href=\"http:\/\/www.villamatilde.org\/\" target=\"_blank\">http:\/\/www.villamatilde.org<\/a><\/li>\n<li><span style=\"color: #800000;\"><strong>Contacto:<\/strong><\/span> villamatilde@villamatilde.org<\/li>\n<li><strong><span style=\"color: #800000;\">Idiomas: <\/span><\/strong><img src=\"\/imagenes\/idioma_es.jpg\" alt=\"\" \/> <img src=\"\/imagenes\/idioma_en.jpg\" alt=\"\" \/> <img src=\"\/imagenes\/idioma_ge.jpg\" alt=\"\" \/> <img src=\"\/imagenes\/idioma_fr.jpg\" alt=\"\" \/> <img src=\"\/imagenes\/idioma_hol.jpg\" alt=\"\" \/><\/li>\n<\/ul>\n<\/div>\n<div class=\"two-columns nomargin\">\n<h4>Las Tres Cabras<\/h4>\n<ul class=\"bullet_arrow4\">\n<li><span style=\"color: #800000;\"><strong>Servicios<\/strong><strong>: <\/strong><\/span>Pirag\u00fcismo \u00b7 Escalada \u00b7 Deportes de aventura \u00b7 Rutas de flora y fauna \u00b7 Animaci\u00f3n y dinamizaci\u00f3n ambiental<\/li>\n<li><span style=\"color: #800000;\"><strong>Comarca:<\/strong><\/span> Sierra de Aracena y Picos de Aroche<\/li>\n<li><span style=\"color: #800000;\"><strong>Localidad:<\/strong><\/span> Aracena<\/li>\n<li><span style=\"color: #800000;\"><strong>Web: <\/strong><\/span><a href=\"http:\/\/www.las3cabras.com\/\" target=\"_blank\">http:\/\/www.las3cabras.com<\/a><\/li>\n<li><span style=\"color: #800000;\"><strong>Contacto:<\/strong><\/span> info@las3cabras.com<\/li>\n<li><strong><span style=\"color: #800000;\">Idiomas: <\/span><\/strong><img src=\"\/imagenes\/idioma_es.jpg\" alt=\"\" \/> <img src=\"\/imagenes\/idioma_en.jpg\" alt=\"\" \/> <img src=\"\/imagenes\/idioma_ge.jpg\" alt=\"\" \/> <img src=\"\/imagenes\/idioma_fr.jpg\" alt=\"\" \/><\/li>\n<\/ul>\n<hr \/>\n<h4>Daur<\/h4>\n<ul class=\"bullet_arrow2 bullet_check bullet_arrow4\">\n<li><span style=\"color: #800000;\"><strong><strong>Servicios<\/strong><\/strong><strong>:<\/strong><\/span> Pirag\u00fcismo \u00b7 Bicicleta BTT \u00b7 Rutas de naturaleza y culturales \u00b7 Dinamizaci\u00f3n ambiental<\/li>\n<li><span style=\"color: #800000;\"><strong>Comarca:<\/strong><\/span> Sierra Morena Sevillana<\/li>\n<li><span style=\"color: #800000;\"><strong>Localidad:<\/strong><\/span> Cazalla de la Sierra<\/li>\n<li><span style=\"color: #800000;\"><strong>Web: <\/strong><\/span><a href=\"http:\/\/www.experienciadaur.com\/\" target=\"_blank\">http:\/\/www.experienciadaur.com<\/a><\/li>\n<li><span style=\"color: #800000;\"><strong>Contacto:<\/strong><\/span> daurexperience@gmail.com<\/li>\n<li><strong><span style=\"color: #800000;\">Idiomas: <\/span><\/strong><img src=\"\/imagenes\/idioma_es.jpg\" alt=\"\" \/> <img src=\"\/imagenes\/idioma_en.jpg\" alt=\"\" \/> <img src=\"\/imagenes\/idioma_fr.jpg\" alt=\"\" \/><\/li>\n<\/ul>\n<hr \/>\n<h4>Quivirocio<\/h4>\n<ul class=\"bullet_arrow2 bullet_check bullet_arrow4\">\n<li><span style=\"color: #800000;\"><strong><strong>Servicios<\/strong><\/strong><strong>:<\/strong><\/span> Pirag\u00fcismo \u00b7 Senderismo \u00b7 Deportes de aventura \u00b7 Gesti\u00f3n natural y cultural<\/li>\n<li><span style=\"color: #800000;\"><strong>Comarca:<\/strong><\/span> Sierra Morena Cordobesa<\/li>\n<li><span style=\"color: #800000;\"><strong>Localidad:<\/strong><\/span> Montoro<\/li>\n<li><span style=\"color: #800000;\"><strong>Web: <\/strong><\/span><a href=\"http:\/\/www.quivirocio.com\/\" target=\"_blank\">http:\/\/www.quivirocio.com<\/a><\/li>\n<li><span style=\"color: #800000;\"><strong>Contacto:<\/strong><\/span> quivirocio@hotmail.com<\/li>\n<li><strong><span style=\"color: #800000;\">Idiomas: <\/span><\/strong><img src=\"\/imagenes\/idioma_es.jpg\" alt=\"\" \/> <img src=\"\/imagenes\/idioma_en.jpg\" alt=\"\" \/> <img src=\"\/imagenes\/idioma_fr.jpg\" alt=\"\" \/> <img src=\"\/imagenes\/idioma_pt.jpg\" alt=\"\" \/><\/li>\n<\/ul>\n<hr \/>\n<h4>Iberus Birding &amp; Nature<\/h4>\n<ul class=\"bullet_arrow2 bullet_check bullet_arrow4\">\n<li style=\"text-align: left;\"><span style=\"color: #800000;\"><strong><strong>Servicios<\/strong><\/strong><strong>:<\/strong><\/span> Rutas (flora, birdwatching, lince ib\u00e9rico) \u00b7 Proyectos de\u00a0conservaci\u00f3n, educaci\u00f3n y consultor\u00eda ambiental<\/li>\n<li><span style=\"color: #800000;\"><strong>Comarca:<\/strong><\/span> Sierra Morena de Ja\u00e9n y Sierra Morena Cordobesa<\/li>\n<li><span style=\"color: #800000;\"><strong>Localidad:<\/strong><\/span> La Carolina<\/li>\n<li><span style=\"color: #800000;\"><strong>Web: <\/strong><\/span><a href=\"http:\/\/www.iberusbirdingnature.com\/\" target=\"_blank\">http:\/\/www.iberusbirdingnature.com<\/a><\/li>\n<li><span style=\"color: #800000;\"><strong>Contacto:<\/strong><\/span> info@iberusbirdingnature.com<\/li>\n<li><strong><span style=\"color: #800000;\">Idiomas: <\/span><\/strong><img src=\"\/imagenes\/idioma_es.jpg\" alt=\"\" \/> <img src=\"\/imagenes\/idioma_en.jpg\" alt=\"\" \/> <img src=\"\/imagenes\/idioma_fr.jpg\" alt=\"\" \/><\/li>\n<\/ul>\n<hr \/>\n<h4>Turismo Verde<\/h4>\n<ul class=\"bullet_arrow2 bullet_check bullet_arrow4\">\n<li><span style=\"color: #800000;\"><strong><strong>Servicios<\/strong><\/strong><strong>:<\/strong><\/span> Visitas guiadas en todo terreno \u00b7 Senderismo \u00b7\u00a0Rutas fotogr\u00e1ficas y observaci\u00f3n de fauna\u00a0\u00b7 Programas de Educaci\u00f3n Ambiental\u00a0\u00b7 Gu\u00edas locales<\/li>\n<li><span style=\"color: #800000;\"><strong>Comarca:<\/strong><\/span> Sierra Morena de Ja\u00e9n<\/li>\n<li><span style=\"color: #800000;\"><strong>Localidad:<\/strong><\/span> And\u00fajar<\/li>\n<li><span style=\"color: #800000;\"><strong>Web: <\/strong><\/span><a href=\"http:\/\/www.lasierradeandujar.com\/\" target=\"_blank\">http:\/\/www.lasierradeandujar.com<\/a><\/li>\n<li><span style=\"color: #800000;\"><strong>Contacto:<\/strong><\/span> info@lasierradeandujar.com<\/li>\n<li><strong><span style=\"color: #800000;\">Idiomas: <\/span><\/strong><img src=\"\/imagenes\/idioma_es.jpg\" alt=\"\" \/> <img src=\"\/imagenes\/idioma_en.jpg\" alt=\"\" \/> <img src=\"\/imagenes\/idioma_fr.jpg\" alt=\"\" \/><\/li>\n<\/ul>\n<hr \/>\n<h4>Alpas\u00edn<\/h4>\n<ul class=\"bullet_arrow2 bullet_check bullet_arrow4\">\n<li><span style=\"color: #800000;\"><strong><strong>Servicios<\/strong><\/strong><strong>:<\/strong><\/span> Fotograf\u00eda de naturaleza (hides para rapaces y paseriformes) \u00b7 Talleres naturalistas \u00b7 Rutas ornitol\u00f3gicas y micol\u00f3gicas \u00b7 Senderismo<\/li>\n<li><span style=\"color: #800000;\"><strong>Comarca:<\/strong><\/span> Sierra Morena Cordobesa<\/li>\n<li><span style=\"color: #800000;\"><strong>Localidad:<\/strong><\/span> Adamuz<\/li>\n<li><span style=\"color: #800000;\"><strong>Web: <\/strong><\/span><a href=\"http:\/\/alpasin.wordpress.com\" target=\"_blank\">http:\/\/alpasin.wordpress.com<\/a><\/li>\n<li><span style=\"color: #800000;\"><strong>Contacto:<\/strong><\/span> infoalpasin@gmail.com<\/li>\n<li><strong><span style=\"color: #800000;\">Idiomas: <\/span><\/strong><img src=\"\/imagenes\/idioma_es.jpg\" alt=\"\" \/> <img src=\"\/imagenes\/idioma_en.jpg\" alt=\"\" \/><\/li>\n<\/ul>\n<hr \/>\n<\/div>\n<\/div>\n<p><br class=\"clear\" \/><\/p>\n","protected":false},"excerpt":{"rendered":"<p>La Red MITO es una uni\u00f3n de alojamientos rurales y peque\u00f1as empresas de turismo activo radicados en los municipios de Sierra Morena, y que desean orientar parte de su oferta del turismo ornitol\u00f3gico contando con el asesoramiento de ADIT-Sierra Morena. Para ello, las empresas de turismo activo que forman parte de la misma han aprobado [&hellip;]<\/p>\n","protected":false},"author":4,"featured_media":0,"parent":2550,"menu_order":0,"comment_status":"open","ping_status":"open","template":"","meta":{"ngg_post_thumbnail":0},"_links":{"self":[{"href":"http:\/\/avesdesierramorena.sierramorena.com\/index.php?rest_route=\/wp\/v2\/pages\/2566"}],"collection":[{"href":"http:\/\/avesdesierramorena.sierramorena.com\/index.php?rest_route=\/wp\/v2\/pages"}],"about":[{"href":"http:\/\/avesdesierramorena.sierramorena.com\/index.php?rest_route=\/wp\/v2\/types\/page"}],"author":[{"embeddable":true,"href":"http:\/\/avesdesierramorena.sierramorena.com\/index.php?rest_route=\/wp\/v2\/users\/4"}],"replies":[{"embeddable":true,"href":"http:\/\/avesdesierramorena.sierramorena.com\/index.php?rest_route=%2Fwp%2Fv2%2Fcomments&post=2566"}],"version-history":[{"count":62,"href":"http:\/\/avesdesierramorena.sierramorena.com\/index.php?rest_route=\/wp\/v2\/pages\/2566\/revisions"}],"predecessor-version":[{"id":2569,"href":"http:\/\/avesdesierramorena.sierramorena.com\/index.php?rest_route=\/wp\/v2\/pages\/2566\/revisions\/2569"}],"up":[{"embeddable":true,"href":"http:\/\/avesdesierramorena.sierramorena.com\/index.php?rest_route=\/wp\/v2\/pages\/2550"}],"wp:attachment":[{"href":"http:\/\/avesdesierramorena.sierramorena.com\/index.php?rest_route=%2Fwp%2Fv2%2Fmedia&parent=2566"}],"curies":[{"name":"wp","href":"https:\/\/api.w.org\/{rel}","templated":true}]}}