{"id":522,"date":"2011-11-19T17:13:48","date_gmt":"2011-11-19T17:13:48","guid":{"rendered":"http:\/\/avesdesierramorena.sierramorena.com\/?page_id=522"},"modified":"2013-04-18T06:58:50","modified_gmt":"2013-04-18T06:58:50","slug":"h-12-en-familia-el-nacimiento-del-rio-odiel","status":"publish","type":"page","link":"http:\/\/avesdesierramorena.sierramorena.com\/?page_id=522","title":{"rendered":"H-12. En Familia: El nacimiento del r\u00edo Odiel"},"content":{"rendered":"<table border=\"0\" cellspacing=\"0\" cellpadding=\"0\" width=\"580\">\n<tbody>\n<tr>\n<td class=\"tabla_ficha_ruta_arriba\"><\/td>\n<\/tr>\n<tr>\n<td><img src=\"\/imagenes\/h-12_ficha.jpg\" alt=\"\" \/><\/td>\n<\/tr>\n<tr>\n<td>\n<hr \/>\n<\/td>\n<\/tr>\n<tr>\n<td>\n<table border=\"0\" cellspacing=\"0\" cellpadding=\"0\" width=\"580\">\n<tbody>\n<tr>\n<td><\/td>\n<\/tr>\n<tr>\n<td width=\"196\" valign=\"top\">\n<table class=\"tabla_ficha_ruta\" border=\"0\" cellspacing=\"0\" cellpadding=\"0\" width=\"190\">\n<tbody>\n<tr>\n<td valign=\"bottom\" background=\"\/imagenes\/pixel_gris.jpg\"><img loading=\"lazy\" src=\"\/imagenes\/titulo_senalizacion.jpg\" alt=\"\" width=\"123\" height=\"24\" \/><\/td>\n<\/tr>\n<tr>\n<td>\n<ul>\n<li><span class=\"info_campo_ficha_ruta\">Se\u00f1alizado en su totalidad como sendero de peque\u00f1o recorrido (PR)<\/span><\/li>\n<\/ul>\n<\/td>\n<\/tr>\n<tr>\n<td><\/td>\n<\/tr>\n<tr>\n<td valign=\"bottom\"><img loading=\"lazy\" src=\"\/imagenes\/titulo_material.jpg\" alt=\"\" width=\"90\" height=\"24\" \/><\/td>\n<\/tr>\n<tr>\n<td>\n<ul>\n<li><span class=\"info_campo_ficha_ruta\">Prism\u00e1ticos y c\u00e1mara fotogr\u00e1fica<\/span><\/li>\n<\/ul>\n<\/td>\n<\/tr>\n<tr>\n<td><\/td>\n<\/tr>\n<tr>\n<td valign=\"bottom\"><img loading=\"lazy\" src=\"\/imagenes\/titulo_habitat.jpg\" alt=\"\" width=\"80\" height=\"24\" \/><\/td>\n<\/tr>\n<tr>\n<td>\n<ul>\n<li><span class=\"info_campo_ficha_ruta\">Dehesas mixtas de alcornoques, quejigos y encinas<\/span><\/li>\n<\/ul>\n<ul>\n<li><span class=\"info_campo_ficha_ruta\">Vegetaci\u00f3n de ribera<\/span><\/li>\n<\/ul>\n<ul>\n<li><span class=\"info_campo_ficha_ruta\">Matorral<\/span><\/li>\n<\/ul>\n<\/td>\n<\/tr>\n<tr>\n<td><\/td>\n<\/tr>\n<tr>\n<td valign=\"bottom\"><img loading=\"lazy\" src=\"\/imagenes\/titulo_especiesestrella.jpg\" alt=\"\" width=\"156\" height=\"24\" \/><\/td>\n<\/tr>\n<tr>\n<td>\n<ul>\n<li><span class=\"info_campo_ficha_ruta\"><a title=\"Mosquitero ib\u00e9rico\" href=\"http:\/\/avesdesierramorena.sierramorena.com\/?page_id=1324\"> Mosquitero ib\u00e9rico<\/a><\/span><\/li>\n<\/ul>\n<ul>\n<li><span class=\"info_campo_ficha_ruta\"><a title=\"Avi\u00f3n roquero\" href=\"http:\/\/avesdesierramorena.sierramorena.com\/?page_id=1075\">Avi\u00f3n roquero<\/a><\/span><\/li>\n<\/ul>\n<ul>\n<li><span class=\"info_campo_ficha_ruta\"><a title=\"Torcecuello euroasi\u00e1tico\" href=\"http:\/\/avesdesierramorena.sierramorena.com\/?page_id=1009\">Torcecuello<\/a><\/span><\/li>\n<\/ul>\n<ul>\n<li><span class=\"info_campo_ficha_ruta\"><a title=\"Picogordo\" href=\"http:\/\/avesdesierramorena.sierramorena.com\/?page_id=1448\"> Picogordo<\/a><\/span><\/li>\n<\/ul>\n<\/td>\n<\/tr>\n<tr>\n<td><\/td>\n<\/tr>\n<tr>\n<td valign=\"bottom\"><img loading=\"lazy\" src=\"\/imagenes\/titulo_epocarecomendada.jpg\" alt=\"\" width=\"182\" height=\"24\" \/><\/td>\n<\/tr>\n<tr>\n<td>\n<ul>\n<li><span class=\"info_campo_ficha_ruta\">Primavera-verano (marzo-septiembre) y secundariamente invierno<\/span><\/li>\n<\/ul>\n<\/td>\n<\/tr>\n<tr>\n<td><\/td>\n<\/tr>\n<tr>\n<td valign=\"bottom\"><img loading=\"lazy\" src=\"\/imagenes\/titulo_horario.jpg\" alt=\"\" width=\"89\" height=\"24\" \/><\/td>\n<\/tr>\n<tr>\n<td>\n<ul>\n<li><span class=\"info_campo_ficha_ruta\">\u00daltimas horas de la tarde<\/span><\/li>\n<\/ul>\n<\/td>\n<\/tr>\n<tr>\n<td><\/td>\n<\/tr>\n<\/tbody>\n<\/table>\n<\/td>\n<td width=\"384\" valign=\"top\">\n<table border=\"0\" cellspacing=\"0\" cellpadding=\"0\" width=\"377\" align=\"center\">\n<tbody>\n<tr>\n<td height=\"40\" valign=\"bottom\"><img loading=\"lazy\" src=\"\/imagenes\/titulo_descripcion.jpg\" alt=\"\" width=\"184\" height=\"24\" \/><\/td>\n<\/tr>\n<tr>\n<td style=\"text-align: justify;\" bgcolor=\"#cccccc\">El r\u00edo Odiel, el cauce m\u00e1s emblem\u00e1tico y con mayor identidad para los onubenses, tiene su nacimiento oficial en Marimateos. En sus alrededores se encuentra la fabulosa dehesa de La Orap\u00eda, con sobresalientes pies de quejigos, alcornoques y encinas. Entre las aves destaca la presencia del mosquitero ib\u00e9rico, el torcecuello, el picogordo, el avi\u00f3n roquero, el zarcero com\u00fan o el escribano sote\u00f1o. La ara\u00f1a negra de los alcornocales <em>Macrothele calpeiana<\/em>, la culebrilla ciega del suroeste ib\u00e9rico <em>Blanus mariae<\/em> o la escasa lib\u00e9lula <em>Aeshna cyanea<\/em> dan a\u00fan mayor inter\u00e9s a esta propuesta.<\/td>\n<\/tr>\n<tr>\n<td style=\"text-align: right;\">&nbsp;<\/p>\n<p><em><strong>Texto e im\u00e1genes: Rafael Romero Porrino<\/strong><\/em><\/td>\n<\/tr>\n<tr>\n<td>\n<hr \/>\n<\/td>\n<\/tr>\n<tr>\n<td><\/td>\n<\/tr>\n<tr>\n<td>\n<table border=\"0\" cellspacing=\"0\" cellpadding=\"0\" width=\"100%\" align=\"center\">\n<tbody>\n<tr>\n<td width=\"8%\"><img loading=\"lazy\" src=\"\/imagenes\/icono_descargar.jpg\" alt=\"\" width=\"16\" height=\"22\" \/><\/td>\n<td width=\"92%\">\n<h4><a href=\"http:\/\/www.laserrania.org\/?p=1832\" target=\"_blank\">Descripci\u00f3n detallada de la ruta H-12<\/a><\/h4>\n<\/td>\n<\/tr>\n<\/tbody>\n<\/table>\n<\/td>\n<\/tr>\n<tr>\n<td><\/td>\n<\/tr>\n<tr>\n<td>\n<table border=\"0\" cellspacing=\"0\" cellpadding=\"0\" width=\"100%\">\n<tbody>\n<tr>\n<td width=\"8%\"><img loading=\"lazy\" src=\"\/imagenes\/icono_track.jpg\" alt=\"\" width=\"20\" height=\"19\" \/><\/td>\n<td width=\"92%\">\n<h4>Descargar track para GPS de la ruta H-12<\/h4>\n<h4>(No disponible)<\/h4>\n<\/td>\n<\/tr>\n<\/tbody>\n<\/table>\n<\/td>\n<\/tr>\n<tr>\n<td><\/td>\n<\/tr>\n<tr>\n<td>\n<table border=\"0\" cellspacing=\"0\" cellpadding=\"0\" width=\"100%\">\n<tbody>\n<tr>\n<td width=\"8%\"><img loading=\"lazy\" src=\"\/imagenes\/icono_mapa.jpg\" alt=\"\" width=\"20\" height=\"18\" \/><\/td>\n<td width=\"92%\">\n<h4><a class=\"thickbox\" title=\"El nacimiento del r\u00edo Odiel\" href=\"\/imagenes\/h-12_mapa.jpg\">Ver mapa de la ruta H-12<\/a><\/h4>\n<\/td>\n<\/tr>\n<\/tbody>\n<\/table>\n<\/td>\n<\/tr>\n<\/tbody>\n<\/table>\n<\/td>\n<\/tr>\n<\/tbody>\n<\/table>\n<\/td>\n<\/tr>\n<tr>\n<td><\/td>\n<\/tr>\n<tr>\n<td><\/td>\n<\/tr>\n<\/tbody>\n<\/table>\n<h6><span style=\"color: #ff0000;\"><em><br \/>\n<\/em><\/span><\/h6>\n","protected":false},"excerpt":{"rendered":"<p>Se\u00f1alizado en su totalidad como sendero de peque\u00f1o recorrido (PR) Prism\u00e1ticos y c\u00e1mara fotogr\u00e1fica Dehesas mixtas de alcornoques, quejigos y encinas Vegetaci\u00f3n de ribera Matorral Mosquitero ib\u00e9rico Avi\u00f3n roquero Torcecuello Picogordo Primavera-verano (marzo-septiembre) y secundariamente invierno \u00daltimas horas de la tarde El r\u00edo Odiel, el cauce m\u00e1s emblem\u00e1tico y con mayor identidad para los onubenses, [&hellip;]<\/p>\n","protected":false},"author":4,"featured_media":0,"parent":78,"menu_order":0,"comment_status":"open","ping_status":"open","template":"","meta":{"ngg_post_thumbnail":0},"_links":{"self":[{"href":"http:\/\/avesdesierramorena.sierramorena.com\/index.php?rest_route=\/wp\/v2\/pages\/522"}],"collection":[{"href":"http:\/\/avesdesierramorena.sierramorena.com\/index.php?rest_route=\/wp\/v2\/pages"}],"about":[{"href":"http:\/\/avesdesierramorena.sierramorena.com\/index.php?rest_route=\/wp\/v2\/types\/page"}],"author":[{"embeddable":true,"href":"http:\/\/avesdesierramorena.sierramorena.com\/index.php?rest_route=\/wp\/v2\/users\/4"}],"replies":[{"embeddable":true,"href":"http:\/\/avesdesierramorena.sierramorena.com\/index.php?rest_route=%2Fwp%2Fv2%2Fcomments&post=522"}],"version-history":[{"count":8,"href":"http:\/\/avesdesierramorena.sierramorena.com\/index.php?rest_route=\/wp\/v2\/pages\/522\/revisions"}],"predecessor-version":[{"id":524,"href":"http:\/\/avesdesierramorena.sierramorena.com\/index.php?rest_route=\/wp\/v2\/pages\/522\/revisions\/524"}],"up":[{"embeddable":true,"href":"http:\/\/avesdesierramorena.sierramorena.com\/index.php?rest_route=\/wp\/v2\/pages\/78"}],"wp:attachment":[{"href":"http:\/\/avesdesierramorena.sierramorena.com\/index.php?rest_route=%2Fwp%2Fv2%2Fmedia&parent=522"}],"curies":[{"name":"wp","href":"https:\/\/api.w.org\/{rel}","templated":true}]}}